{"id":1098,"date":"2024-02-26T11:31:20","date_gmt":"2024-02-26T10:31:20","guid":{"rendered":"https:\/\/teslastoppen.noblogs.org\/?page_id=1098"},"modified":"2024-02-29T09:15:36","modified_gmt":"2024-02-29T08:15:36","slug":"warum","status":"publish","type":"page","link":"https:\/\/teslastoppen.noblogs.org\/nl\/machmit\/warum\/","title":{"rendered":"Warum?"},"content":{"rendered":"\n<p>Noch <strong>nicht<\/strong> auf Leichte Sprache \u00fcbersetzt<\/p>\n\n\n\n<div class=\"wp-block-cover alignwide is-light\"><span aria-hidden=\"true\" class=\"wp-block-cover__background has-white-background-color has-background-dim-100 has-background-dim\"><\/span><div class=\"wp-block-cover__inner-container is-layout-constrained wp-block-cover-is-layout-constrained\">\n<div class=\"wp-block-group is-vertical is-layout-flex wp-container-core-group-is-layout-fe9cc265 wp-block-group-is-layout-flex\">\n<h4 class=\"wp-block-heading has-foreground-color has-text-color has-link-color wp-elements-b4abdb25b142728ac9ee8d90dccc1153\">Saubere Elektroautos sind eine dreckige L\u00fcge<\/h4>\n\n\n\n<p>Tesla will die Gigafactory Berlin-Brandenburg verdoppeln. Dazu sollen \u00fcber 100 ha Wald in einem Trinkwasserschutzgebiet gerodet werden. Es gibt viele gute G\u00fcnde, sich dem entgegen zu stellen:<\/p>\n\n\n\n<details class=\"wp-block-details is-layout-flow wp-block-details-is-layout-flow\"><summary>weitere Infos<\/summary>\n<ul class=\"wp-block-list\">\n<li><a href=\"https:\/\/www.wiwo.de\/technologie\/wirtschaft-von-oben\/wirtschaft-von-oben-208-tesla-werk-in-brandenburg-hier-baut-sich-tesla-am-werk-gruenheide-seinen-eigenen-zuganschluss\/29134546.html\" target=\"_blank\" rel=\"noreferrer noopener\">Die Gigafactory Erweiterung in Bildern &#8211; Wirtschafts Woche<\/a><\/li>\n\n\n\n<li><a href=\"https:\/\/klimax.online\/interview-ziel-der-kampagne-ist-es-tesla-sozusagen-den-hahn-abzudrehen\/\" target=\"_blank\" rel=\"noreferrer noopener\">Interview mit Aktivisti &#8211; Was ist in Gr\u00fcnheide los?<\/a><\/li>\n\n\n\n<li><a href=\"https:\/\/klimax.online\/tesla-den-hahn-abdrehen-die-relevanz-von-wasser-in-der-strategie-fuer-eine-mobilitaetswende\/\" target=\"_blank\" rel=\"noreferrer noopener\">Die iL zum B\u00fcndnis &#8220;Tesla den Hahn abdrehen&#8221;<\/a><\/li>\n\n\n\n<li><a href=\"https:\/\/t-den-hahn-abdrehen.org\/argumente\/\" target=\"_blank\" rel=\"noreferrer noopener\">Argumente des B\u00fcndnisses &#8220;Tesla den Hahn abdrehen&#8221; gegen die Erweiterung<\/a><\/li>\n\n\n\n<li><a href=\"https:\/\/t-den-hahn-abdrehen.org\/faq\/\" target=\"_blank\" rel=\"noreferrer noopener\">FAQ des B\u00fcndnisses<\/a><\/li>\n\n\n\n<li><a href=\"https:\/\/www.bi-gruenheide.de\/der-wald-und-das-loecknitztal-impressionen\/\" target=\"_blank\" rel=\"noreferrer noopener\">Der Wald, um den es geht<\/a><\/li>\n\n\n\n<li><a href=\"https:\/\/daten2.verwaltungsportal.de\/dateien\/seitengenerator\/ce3b630bbecba079e905bb940e1d2a4423311\/Entwurf_B-Plan_60_Service-_und_Logistikzentrum_Freienbrink-Nord_Begr_ndung.pdf\" target=\"_blank\" rel=\"noreferrer noopener\">Die Erweiterung &#8211; Bebauungsplan Nr. 60 mit Umweltbericht (PDF)<\/a><\/li>\n\n\n\n<li><a href=\"https:\/\/freienbrink.com\/2023\/10\/14\/infrastruktur-fur-tesla\/\" target=\"_blank\" rel=\"noreferrer noopener\">Die geplante Infrastruktur der Erweiterung<\/a><\/li>\n\n\n\n<li><a href=\"https:\/\/fragdenstaat.de\/anfrage\/tesla-entscheidung-zum-umgang-mit-wassergefaehrdenden-stoffen\/\">Genehmigungsbescheid f\u00fcr den Bau der Gigafactory<\/a><\/li>\n<\/ul>\n<\/details>\n<\/div>\n\n\n\n<div class=\"wp-block-group is-vertical is-layout-flex wp-container-core-group-is-layout-fe9cc265 wp-block-group-is-layout-flex\">\n<h4 class=\"wp-block-heading has-foreground-color has-text-color has-link-color wp-elements-3cc887eebb3c11faed4df27013d1c83f\">Wasser &#8211; TRINKWASSER VOR PROFITE<\/h4>\n\n\n\n<p>Tesla klaut Menschen das Trinkwasser und den Wald. Die Gigafactory verbraucht so viel Wasser wie eine Kleinstadt. In einem Schutzgebiet bedeutet die Gigafactory vor allem eine Giga-Gef\u00e4hrdung des Trinkwassers.<br>In einer der trockensten Regionen Deutschlands hei\u00dft das: Trinkwasserrationierung f\u00fcr Anwohnende und erh\u00f6hte Gefahr bei Waldbr\u00e4nden. Hier wird deutlich, wie im Kapitalismus Ressourcen verteilt werden, wenn sie knapp werden: Die Profitinteressen von Milliard\u00e4ren wie Elon Musk und Konzernen wie Tesla werden vor die Interessen von uns allen gestellt. Klar muss sein: Grundwasser ist an erster Stelle unser Trinkwasser!<\/p>\n\n\n\n<details class=\"wp-block-details is-layout-flow wp-block-details-is-layout-flow\"><summary>weitere Infos<\/summary>\n<ul class=\"wp-block-list\">\n<li><a href=\"https:\/\/t-den-hahn-abdrehen.org\/eine-gigafabrik-im-trinkwasserschutzgebiet\/\" target=\"_blank\" rel=\"noreferrer noopener\">B\u00fcndnis &#8220;Tesla den Hahn abdrehen&#8221; &#8211; Tesla und das Wasser<\/a><\/li>\n\n\n\n<li><a href=\"https:\/\/klimax.online\/2023\/09\/17\/wasserkaempfe-in-bewegung.\" target=\"_blank\" rel=\"noreferrer noopener\">Die Zine zu Wasserk\u00e4mpfen &#8211; Klimakollektiv<\/a><\/li>\n\n\n\n<li><a href=\"https:\/\/klimakollektiv.org\/wp-content\/uploads\/2024\/02\/zine-wasserkaempfe-in-bewegung-2.0-leseversion.pdf\">Zine zu Wasserk\u00e4mpfen 2.0 &#8211; Klimakollektiv<\/a><\/li>\n\n\n\n<li><a href=\"http:\/\/Was tun?! Podcast zu Wasserknappheit\" target=\"_blank\" rel=\"noreferrer noopener\">Was tun?! Podcast zu Wasserknappheit und Aktivismus<\/a><\/li>\n\n\n\n<li><a href=\"https:\/\/podcast.dissenspodcast.de\/b16-wasser\" target=\"_blank\" rel=\"noreferrer noopener\">Dissens Podcast zu Gr\u00fcnheide und internationalen Wasserk\u00e4mpfen<\/a><\/li>\n\n\n\n<li><a href=\"https:\/\/t.me\/waterjustice\" target=\"_blank\" rel=\"noreferrer noopener\">Telegramchannel &#8211; News zu Wasserk\u00e4mpfen<\/a><\/li>\n\n\n\n<li><a href=\"https:\/\/www.bi-gruenheide.de\/verordnung-zur-festsetzung-des-wasserschutzgebietes-fuer-das-wasserwerk-erkner-wasserfassungen-neu-zittauer-und-hohenbinder-strasse\/\" target=\"_blank\" rel=\"noreferrer noopener\">Bau einer Autofabrik im Trinkwasserschutzgebiet<\/a><\/li>\n\n\n\n<li><a href=\"https:\/\/www.tagesschau.de\/inland\/wassermangel-berlin-brandenburg-tesla-101.html\" target=\"_blank\" rel=\"noreferrer noopener\">Rationierung von Wasser &#8211; 105 Liter pro Tag &#8211; tagesschau<\/a><\/li>\n\n\n\n<li><a href=\"https:\/\/nabu-bb.de\/wasser-in-brandenburg\/\" target=\"_blank\" rel=\"noreferrer noopener\">Der NABU zu Wasser in Brandenburg<\/a><\/li>\n\n\n\n<li><a href=\"https:\/\/brandenburg.nabu.de\/umwelt-und-ressourcen\/28745.html\" target=\"_blank\" rel=\"noreferrer noopener\">Weshalb der NABU gegen den Bau der Gigafactory klagt<\/a><\/li>\n\n\n\n<li><a href=\"https:\/\/www.sueddeutsche.de\/wissen\/wasser-strausberg-der-kampf-ums-wasser-versorger-unter-druck-dpa.urn-newsml-dpa-com-20090101-230926-99-334102\" target=\"_blank\" rel=\"noreferrer noopener\">Kein Wasser f\u00fcr Schulen wegen Tesla, aber lieber den Chef des Wasserverbands abw\u00e4hlen &#8211; SZ<\/a><\/li>\n\n\n\n<li><a href=\"https:\/\/www.heise.de\/news\/Behoerde-lockert-Umweltauflagen-fuer-Tesla-in-Gruenheide-7520130.html\" target=\"_blank\" rel=\"noreferrer noopener\">Beh\u00f6rde lockert Umweltauflagen &#8211; Tesla darf Wassergef\u00e4hrdung selbst einstufen &#8211; Heise<\/a><\/li>\n\n\n\n<li><a href=\"https:\/\/taz.de\/Havarie-in-Gigafactory-von-Tesla\/!5846680\/\" target=\"_blank\" rel=\"noreferrer noopener\">Lackunfall in Wasserschutzgebiet &#8211; taz<\/a><\/li>\n\n\n\n<li><a href=\"https:\/\/www.rbb24.de\/studiofrankfurt\/wirtschaft\/tesla\/2023\/03\/tesla-sechs-verstoss-bau-umwelt.html\" target=\"_blank\" rel=\"noreferrer noopener\">Verst\u00f6\u00dfe gegen Bau- und Umweltrecht &#8211; rbb<\/a><\/li>\n\n\n\n<li><a href=\"https:\/\/fragdenstaat.de\/anfrage\/gemeldete-umweltvorfaelle-der-tesla-gigafactory-berlin-brandenburg\/\" target=\"_blank\" rel=\"noreferrer noopener\">Alle gemeldeten Umweltvorf\u00e4lle der Tesla Gigafactory &#8211; fragdenStaat<\/a><\/li>\n\n\n\n<li><a href=\"https:\/\/apnews.com\/article\/tesla-california-hazardous-waste-settlement-ea1eb742720b8a1fefe38a45407a8a9b\" target=\"_blank\" rel=\"noreferrer noopener\">Auch in Californien ist Tesla die Umwelt egal &#8211; apnews<\/a><\/li>\n\n\n\n<li><a href=\"https:\/\/wassertafel.org\/topografische-beziehung-des-teslawerks-zu-spree-und-mueggelsee\" target=\"_blank\" rel=\"noreferrer noopener\">Die Verbindung zwischen Teslas Abw\u00e4ssern und dem Berliner Trinkwasser<\/a><\/li>\n\n\n\n<li><a href=\"https:\/\/www.nd-aktuell.de\/artikel\/1175547.tesla-in-gruenheide-tesla-muss-in-berlin-kuenftig-das-wasser-rationiert-werden.html\" target=\"_blank\" rel=\"noreferrer noopener\">Tesla: Muss in Berlin k\u00fcnftig das Wasser rationiert werden? &#8211; nd<\/a><\/li>\n\n\n\n<li><a href=\"https:\/\/www.tip-berlin.de\/stadtleben\/duerre-berlin-trinkwasser-knappheit-reportage\/\" target=\"_blank\" rel=\"noreferrer noopener\">D\u00fcrrephasen in Berlin: Der Kampf ums Trinkwasser &#8211; tipBerlin<\/a><\/li>\n\n\n\n<li><a href=\"https:\/\/youtu.be\/Htp2aZu62Fc?feature=shared&amp;t=1249\" target=\"_blank\" rel=\"noreferrer noopener\">Warum der Hauptstadt das Trinkwasser ausgeht &#8211; ZDF<\/a><\/li>\n\n\n\n<li><a href=\"https:\/\/www.youtube.com\/watch?v=n67k1Dhrbb8\" target=\"_blank\" rel=\"noreferrer noopener\">Trockenland &#8211; Wem geh\u00f6rt das Wasser? &#8211; rbb<\/a><\/li>\n\n\n\n<li><a href=\"https:\/\/correctiv.org\/aktuelles\/kampf-um-wasser\/2022\/10\/25\/klimawandel-grundwasser-in-deutschland-sinkt\/\" target=\"_blank\" rel=\"noreferrer noopener\">Klimawandel: Grundwasser in Deutschland sinkt &#8211; correctiv<\/a><\/li>\n\n\n\n<li><a href=\"https:\/\/www.ufz.de\/index.php?de=47252\" target=\"_blank\" rel=\"noreferrer noopener\">D\u00fcrren in Deutschland &#8211; Helmholtz Zentrum f\u00fcr Umweltforschung<\/a><\/li>\n\n\n\n<li><a href=\"https:\/\/correctiv.org\/aktuelles\/klimawandel\/2022\/11\/22\/klimawandel-wasser-knapp-industrie-hat-jahrzehntelange-entnahmerechte\/\" target=\"_blank\" rel=\"noreferrer noopener\">Sind die Verteilungsk\u00e4mpfe um Wasser l\u00e4ngst gelaufen und keiner hat es mitbekommen? &#8211; correctiv<\/a><\/li>\n<\/ul>\n<\/details>\n<\/div>\n\n\n\n<div class=\"wp-block-group is-vertical is-layout-flex wp-container-core-group-is-layout-fe9cc265 wp-block-group-is-layout-flex\">\n<h4 class=\"wp-block-heading has-foreground-color has-text-color has-link-color wp-elements-e19d01d3e2b9e9827ce38cef940ab089\">Arbeitsbedingungen &#8211; die Menschen sind Tesla egal, uns aber nicht<\/h4>\n\n\n\n<p class=\"has-black-color has-text-color has-link-color wp-elements-4909859ef859977e8558ae61a2115c90\">Elon Musk sind die Arbeiter*innen schei\u00dfegal. Der Profit ist Tesla wichtiger als die Gesundheit der Arbeitenden. \u00dcberdurchschnittlich viele Arbeitsunf\u00e4lle und hohe Krankenst\u00e4nde sind Folgen des massiven Produktionsdrucks und des schlechten Arbeitsschutzes. Wir stellen uns gegen die Ausbeutung der Menschen in der Gigafactory. Wir solidarisieren uns mit den Arbeiter*innen in Schweden, die sich mit Streiks der Ausbeutung von Tesla entgegenstellen. Auch die Arbeitenden, die sich hier organisieren und gemeinsam f\u00fcr ihre Rechte zu k\u00e4mpfen, geben uns Mut.<\/p>\n\n\n\n<details class=\"wp-block-details is-layout-flow wp-block-details-is-layout-flow\"><summary>weitere Infos<\/summary>\n<ul class=\"wp-block-list\">\n<li><a href=\"https:\/\/www.stern.de\/wirtschaft\/tesla-gigafactory--schwere-verstoesse---wie-kann-das-in-deutschland-moeglich-sein---33861410.html\" target=\"_blank\" rel=\"noreferrer noopener\">Reihenweise Unf\u00e4lle in Musks Fabrik &#8211; Stern investigativ<\/a><\/li>\n\n\n\n<li><a href=\"https:\/\/plus.rtl.de\/video-tv\/shows\/stern-investigativ-943868\/staffel-1-943869\/episode-1-folge-1-943870\" target=\"_blank\" rel=\"noreferrer noopener\">Inside Tesla Deutschland &#8211; Musks Profit auf Kosten der Arbeiter &#8211; Investigativ Recherche des Sterns<\/a><\/li>\n\n\n\n<li><a href=\"https:\/\/plus.rtl.de\/podcast\/stern-investigativ-inside-tesla-cmb3ez0cfmobt\" target=\"_blank\" rel=\"noreferrer noopener\">Podcast: Inside Tesla &#8211; stern investigativ<\/a><\/li>\n\n\n\n<li><a href=\"https:\/\/www.stern.de\/wirtschaft\/tesla--die-aussagen-von-dietmar-woidke-zur-stern-recherche-im-faktencheck-33882072.html\" target=\"_blank\" rel=\"noreferrer noopener\">Brandenburgs Landesregierung im Faktencheck<\/a><\/li>\n\n\n\n<li><a href=\"https:\/\/www.stern.de\/wirtschaft\/tesla-verteilt-drohbriefe-und-geschenke--um-gewerkschaften-zu-vermeiden-33906376.html\" target=\"_blank\" rel=\"noreferrer noopener\">Zweifelhafte Methoden, Drohbriefe und Geschenke &#8211; Stern<\/a><\/li>\n\n\n\n<li><a href=\"https:\/\/www.tagesschau.de\/wirtschaft\/tesla-gruenheide-mitarbeiter-arbeitsbedingungen-100.html\" target=\"_blank\" rel=\"noreferrer noopener\">Tesla-Besch\u00e4ftigte verlangen bessere Bedingungen &#8211; tagesschau<\/a><\/li>\n\n\n\n<li><a href=\"https:\/\/www.igmetall-bbs.de\/aktuelles\/meldung\/fuer-eine-faire-betriebsratswahl-bei-tesla-ig-metall-beantragt-vor-gericht-neustart-1\" target=\"_blank\" rel=\"noreferrer noopener\">F\u00fcr eine faire Betriebswahl &#8211; IG Metall<\/a><\/li>\n\n\n\n<li><a href=\"https:\/\/www.igmetall.de\/im-betrieb\/ig-metall-organisiert-tesla-beschaeftigte\" target=\"_blank\" rel=\"noreferrer noopener\">In Blitz Aktion zur IG Metall bekannt<\/a><\/li>\n\n\n\n<li><a href=\"https:\/\/www.igm-tesla.de\/\" target=\"_blank\" rel=\"noreferrer noopener\">Die IG Metall bei Tesla<\/a><\/li>\n\n\n\n<li><a href=\"https:\/\/jacobin.de\/artikel\/tesla-grunheide-arbeitskampf-igmetall\" target=\"_blank\" rel=\"noreferrer noopener\">Arbeitskampf bei Tesla &#8211; Jacobin Magazin<\/a><\/li>\n\n\n\n<li><a href=\"https:\/\/www.labournet.de\/internationales\/schweden\/arbeitskaempfe-schweden\/schwedische-industriegewerkschaft-if-metall-verklagt-tesla-wegen-der-weigerung-einen-tarifvertrag-auszuhandeln-und-erwaegt-auch-arbeitskampfmassnahmen\/\" target=\"_blank\" rel=\"noreferrer noopener\">Arbeitsk\u00e4mpfe bei Tesla in Schweden<\/a><\/li>\n<\/ul>\n<\/details>\n<\/div>\n\n\n\n<div class=\"wp-block-group is-vertical is-layout-flex wp-container-core-group-is-layout-fe9cc265 wp-block-group-is-layout-flex\">\n<h4 class=\"wp-block-heading has-foreground-color has-text-color has-link-color wp-elements-7c1c8ace41c0b0c7e28cda1e02d15448\">Ressourcenraub und koloniale Ausbeutung &#8211; f\u00fcr eine Klimagerechte Zukunft<\/h4>\n\n\n\n<p>Die Produktion von Elektro-Autos verursacht weltweit Wasserkrisen und soziale Ungerechtigkeiten. In den Batterien von E-Autos sind Rohstoffe wie Kobalt und Lithium verbaut. Kobalt wird zum Beispiel in der Demokratischen Republik Kongo unter katastrophalen Arbeitsbedingungen abgebaut. Durch die F\u00f6rderung von Lithium verlieren indigene Gemeinden etwa in Chile und Argentinien ihre Wasserzug\u00e4nge und Lebensr\u00e4ume.<br>Die Klimakrise ist eine globale Katastrophe. Auf Konzerne wie Tesla, die Menschen und Natur weltweit gef\u00e4hrden und ausbeuten, d\u00fcrfen wir nicht bauen. Nur gemeinsam k\u00f6nnen wir f\u00fcr eine klimagerechte Zukunft k\u00e4mpfen.<br>Wir sind solidarisch mit den antikolonialen K\u00e4mpfen, die die Menschen vor Ort f\u00fchren!<\/p>\n\n\n\n<details class=\"wp-block-details is-layout-flow wp-block-details-is-layout-flow\"><summary>weitere Infos<\/summary>\n<ul class=\"wp-block-list\">\n<li><a href=\"https:\/\/formandorutas.tech\/de\/heimat\/#stimmen\" target=\"_blank\" rel=\"noreferrer noopener\">Formando Rutas &#8211; ein Bildungsprojekt \u00fcber den Lithiumabbau in der Atacama-W\u00fcste und den Einsatz von Elektroautos als vermeintliche L\u00f6sung f\u00fcr die Klimakrise<\/a><\/li>\n\n\n\n<li><a href=\"https:\/\/www.rosalux.de\/news\/id\/50891\/lithium-und-repression-in-argentinien\" target=\"_blank\" rel=\"noreferrer noopener\">Lithium und Repressionen in Argentinien &#8211; rosalux<\/a><\/li>\n\n\n\n<li><a href=\"https:\/\/cryptpad.fr\/code\/#\/2\/code\/view\/DKu3ZnJxWYEWUcn8PajfzHt3gx6VX7YmlCDGHr2pwBw\/present\/\" target=\"_blank\" rel=\"noreferrer noopener\">Lithium &#8211; Argentinien bereitet sich auf die heftigste Pl\u00fcnderung des 21. Jahrhunderts vor<\/a><\/li>\n\n\n\n<li><a href=\"https:\/\/www.tagesspiegel.de\/internationales\/ein-dorf-in-portugal-kampft-gegen-lithiumabbau-wo-die-grune-zukunft-schmutzig-ist-11070889.html\" target=\"_blank\" rel=\"noreferrer noopener\">Lithium in Portugal &#8211; Tagesspiegel<\/a><\/li>\n\n\n\n<li><a href=\"https:\/\/youtu.be\/XOa-YqTL07g?feature=shared&amp;t=35\" target=\"_blank\" rel=\"noreferrer noopener\">Der Grund f\u00fcr den Umsturz war die Kontrolle \u00fcber Boliviens Lithium &#8211; Weltspiegel<\/a><\/li>\n\n\n\n<li><a href=\"https:\/\/www.peoplesworld.org\/article\/after-bolivia-elon-musk-says-capitalists-can-overthrow-any-government-they-want\/\" target=\"_blank\" rel=\"noreferrer noopener\">Tweet &#8220;We will coup whoever we want!&#8221; &#8211; Putsch f\u00fcr Lithium?<\/a><\/li>\n\n\n\n<li><a href=\"https:\/\/www.tagesspiegel.de\/wissen\/die-spur-des-aluminiums-wie-deutschlands-rohstoffgier-den-amazonas-regenwald-gefahrdet-10567288.html\" target=\"_blank\" rel=\"noreferrer noopener\">Die Spur des Aluminiums &#8211; Tagesspiegel<\/a><\/li>\n\n\n\n<li><a href=\"https:\/\/www.iz3w.org\/artikel\/verfassungsreform-lithium-argentinien-bergbau-protest\" target=\"_blank\" rel=\"noreferrer noopener\">Nein zum Lithium &#8211; Proteste gegen Verfassungs\u00e4nderung in Argentinien- iz3w<\/a><\/li>\n\n\n\n<li><a href=\"https:\/\/www.tagesschau.de\/wirtschaft\/weltwirtschaft\/lithiumabbau-argentinien-100.html\" target=\"_blank\" rel=\"noreferrer noopener\">Die Schattenseiten der E-Autos &#8211; tagesschau<\/a><\/li>\n\n\n\n<li><a href=\"https:\/\/youtu.be\/cmeFsYSHuXE?feature=shared\" target=\"_blank\" rel=\"noreferrer noopener\">Kobaltabbau: So schmutzig ist die saubere Elektroauto Zukunft &#8211; ZDFinfo Doku<\/a><\/li>\n\n\n\n<li><a href=\"https:\/\/power-shift.de\/wp-content\/uploads\/2023\/05\/Factsheet_Metalle-fuer-die-Energiewende_web_230523.pdf\" target=\"_blank\" rel=\"noreferrer noopener\">E Autos brauchen fast acht Mal mehr Aluminium und Nickel als der gesamte Ausbau der Windkraft &#8211; PowerShift<\/a><\/li>\n\n\n\n<li><a href=\"https:\/\/youtu.be\/8PcvVsoB4iU?feature=shared&amp;t=377\" target=\"_blank\" rel=\"noreferrer noopener\">&#8220;Unsere V\u00f6lker werden geopfert f\u00fcr den Profit ausl\u00e4ndischer Firmen&#8221; &#8211; STRG_F<\/a><\/li>\n<\/ul>\n<\/details>\n<\/div>\n\n\n\n<div class=\"wp-block-group is-vertical is-layout-flex wp-container-core-group-is-layout-fe9cc265 wp-block-group-is-layout-flex\">\n<h4 class=\"wp-block-heading has-foreground-color has-text-color has-link-color wp-elements-b01f694a413d122b2735c09844bce594\">Mobilit\u00e4tswende &#8211; aber sozial-\u00f6kologisch<\/h4>\n\n\n\n<p>E-Autos sind eine Scheinl\u00f6sung. Auch E-SUVs von Tesla sind Motor f\u00fcr die Klimakatastrophe. Wir k\u00f6nnen uns bei der L\u00f6sung der Klimakrise nicht auf Unternehmen verlassen, denn Unternehmen geht es immer um Profit. Uns geht es um Klimaschutz und soziale Gerechtigkeit. Nicht jede*r kann sich ein Auto leisten, dabei ist Mobilit\u00e4t ein Grundbed\u00fcrfnis, das wir alle haben. Wir setzen uns f\u00fcr eine sozial-\u00f6kologische Mobilit\u00e4tswende ein. Das hei\u00dft: der Ausbau von Bus und Bahn anstatt der F\u00f6rderung von \u00fcberteuerten Luxusschlitten.<br>Die Kampagne <a href=\"https:\/\/www.wir-fahren-zusammen.de\/\" target=\"_blank\" rel=\"noreferrer noopener\">Wir fahren zusammen<\/a> ist ein tolles Beispiel wie Besch\u00e4ftige des Verkehrsbetriebe zusammen mit Menschen der Klimabewegung k\u00e4mpfen.<\/p>\n\n\n\n<details class=\"wp-block-details is-layout-flow wp-block-details-is-layout-flow\"><summary>weitere Infos<\/summary>\n<ul class=\"wp-block-list\">\n<li><a href=\"https:\/\/www.rosalux.de\/fileadmin\/rls_uploads\/pdfs\/Studien\/Studie_Transformation_Automobilitaet.pdf\" target=\"_blank\" rel=\"noreferrer noopener\">Mythen und Illusionen \u00fcber die Elektromobilit\u00e4t und die Transformation der Automobilindustrie &#8211; rosalux<\/a><\/li>\n\n\n\n<li><a href=\"https:\/\/vision-mobility.de\/news\/umweltbilanz-von-e-autos-ein-tesla-model-y-taugt-schwer-zum-weltretter-142129.html\" target=\"_blank\" rel=\"noreferrer noopener\">Ein Tesla taugt schwer zum Weltretter &#8211; vision mobility<\/a><\/li>\n\n\n\n<li><a href=\"https:\/\/www.umweltbundesamt.de\/bild\/vergleich-der-durchschnittlichen-emissionen-0\" target=\"_blank\" rel=\"noreferrer noopener\">Vergleich des durchschnittlichen Emissionen einzelner Verkehrsmittel &#8211; Umweltbundesamt<\/a><\/li>\n\n\n\n<li><a href=\"https:\/\/www.wir-fahren-zusammen.de\/\" target=\"_blank\" rel=\"noreferrer noopener\">Die Kampagne Wir fahren zusammen<\/a><\/li>\n\n\n\n<li><a href=\"https:\/\/de.statista.com\/statistik\/studie\/id\/49256\/dokument\/emobility-market-insights-und-analysis\/\">E-Autos werden vor allem von gutverdienenden M\u00e4nnern gefahren &#8211; Statista<\/a><\/li>\n<\/ul>\n<\/details>\n<\/div>\n\n\n\n<div class=\"wp-block-group is-vertical is-layout-flex wp-container-core-group-is-layout-fe9cc265 wp-block-group-is-layout-flex\">\n<h4 class=\"wp-block-heading has-foreground-color has-text-color has-link-color wp-elements-6a5700f8da0d53ec0ee9135554d8bdea\">Dem M\u00e4rchen vom Gr\u00fcnen Kapitalismus entgegenstellen<\/h4>\n\n\n\n<p>Im Kapitalismus werden die Interessen von Konzernen \u00fcber die Bed\u00fcrfnisse von Menschen gestellt werden \u2013 das wird auch hier in Gr\u00fcnheide deutlich. Auf Kosten unserer Wassersicherheit, des Klimas und ausgebeuteter Arbeiter*innen hier und im Globalen S\u00fcden wird die Autoindustrie gr\u00fcn angestrichen und der reichste Mensch der Welt noch reicher.<\/p>\n\n\n\n<p>Eine soziale und klimagerechte Zukunft ist im Kapitalismus nicht m\u00f6glich. Kapitalismus basiert auf immer weiterem Wachstum und Ausbeutung von Menschen und Natur. Was wir aber brauchen, ist eine Welt, in der ein gutes Leben f\u00fcr alle Menschen m\u00f6glich ist.<\/p>\n\n\n\n<details class=\"wp-block-details is-layout-flow wp-block-details-is-layout-flow\"><summary>weitere Infos<\/summary>\n<ul class=\"wp-block-list\">\n<li><a href=\"https:\/\/youtu.be\/JSGuy3LA-d0?feature=shared\" target=\"_blank\" rel=\"noreferrer noopener\">Unboxing Capitalism &#8211; was meinen wir mit Kapitalismus und warum kann im Kapitalismus die Klimakatastrophe nicht aufgehalten werden?<\/a><\/li>\n<\/ul>\n<\/details>\n<\/div>\n\n\n\n<div class=\"wp-block-group is-vertical is-layout-flex wp-container-core-group-is-layout-fe9cc265 wp-block-group-is-layout-flex\">\n<h4 class=\"wp-block-heading has-foreground-color has-text-color has-link-color wp-elements-1956b9b42bcf6ad0bb742109f1756c5e\">Gegen einen rechten Milliard\u00e4r<\/h4>\n\n\n\n<p class=\"has-black-color has-text-color has-link-color wp-elements-f64f8f80c911bebcd925584f7670379c\">Elon Musk ist gef\u00e4hrlich. Durch sein riesiges Firmenimperium hat er die Macht, demokratische Prozesse anzugreifen. Musk beutet die Arbeiter*innen bei Tesla aus und verhindert aktiv die Gr\u00fcndung von Gewerkschaften. Seit dem Kauf von Twitter, jetzt X, l\u00e4sst Musk dort Verschw\u00f6rungstheorien und rechten Narrativen freien Lauf und befeuert diese selbst. Er hat weitreichende Verbindungen zu Faschisten und ist erkl\u00e4rter Bef\u00fcrworter der AfD.<br>Wer auf Demos gegen Rechtsdruck und Faschismus demonstriert, muss auch klare Kante gegen Elon Musk zeigen.<\/p>\n\n\n\n<details class=\"wp-block-details is-layout-flow wp-block-details-is-layout-flow\"><summary>weitere Infos<\/summary>\n<ul class=\"wp-block-list\">\n<li><a href=\"https:\/\/www.peoplesworld.org\/article\/after-bolivia-elon-musk-says-capitalists-can-overthrow-any-government-they-want\/\" target=\"_blank\" rel=\"noreferrer noopener\">Tweet &#8220;We will coup whoever we want!&#8221; &#8211; Putsch f\u00fcr Lithium?<\/a><\/li>\n\n\n\n<li><a href=\"https:\/\/x.com\/elonmusk\/status\/1707758153977204846?s=20\" target=\"_blank\" rel=\"noreferrer noopener\">Tweet &#8220;Is the german public aware of this?&#8221; Wahlwerbung f\u00fcr die AFD<\/a><\/li>\n\n\n\n<li><a href=\"https:\/\/time.com\/6336123\/elon-musk-antisemitic-post-x\/\" target=\"_blank\" rel=\"noreferrer noopener\">Tweet &#8220;You have said the actual truth&#8221; &#8211; Antisemistismus die Wahrheit nennen<\/a><\/li>\n\n\n\n<li><a href=\"https:\/\/www.rbb24.de\/studiofrankfurt\/wirtschaft\/tesla\/2021\/07\/tesla-gruenheide-werk-steuern-gewinn.html\" target=\"_blank\" rel=\"noreferrer noopener\">Warum der gro\u00dfe Tesla-Steuersegen erstmal ausbleiben d\u00fcrfte &#8211; rbb<\/a><\/li>\n\n\n\n<li><a href=\"https:\/\/fragdenstaat.de\/blog\/2023\/09\/29\/wie-deutsche-ministerien-tesla-hofieren\/\" target=\"_blank\" rel=\"noreferrer noopener\">Wie deutsche Ministerien Tesla hofieren<\/a><\/li>\n\n\n\n<li><a href=\"https:\/\/www.akweb.de\/bewegung\/rechtsruck-cdu-afd-fdp-ist-das-schon-der-klima-faschismus\/\" target=\"_blank\" rel=\"noreferrer noopener\">Ist das schon der Klima-Faschismus? &#8211; ak<\/a><\/li>\n<\/ul>\n<\/details>\n<\/div>\n\n\n\n<div class=\"wp-block-group has-background is-vertical is-layout-flex wp-container-core-group-is-layout-fe9cc265 wp-block-group-is-layout-flex\" style=\"background-color:#eaf4ff\">\n<h4 class=\"wp-block-heading has-foreground-color has-text-color has-link-color wp-elements-ee966c799df5055ca096689ff9b0c84b\">Check this out!<\/h4>\n\n\n\n<p class=\"has-black-color has-text-color has-link-color wp-elements-0bebff5d4511c06fa9c9fd0150738bcd\">Eine Zusammenstellung der interessantesten Artikel:<\/p>\n\n\n\n<ul class=\"wp-block-list\">\n<li><a href=\"https:\/\/klimax.online\/2023\/09\/17\/wasserkaempfe-in-bewegung.\" target=\"_blank\" rel=\"noreferrer noopener\">Die Zine zu Wasserk\u00e4mpfen &#8211; Klimakollektiv<\/a><\/li>\n\n\n\n<li><a href=\"https:\/\/klimakollektiv.org\/wp-content\/uploads\/2024\/02\/zine-wasserkaempfe-in-bewegung-2.0-leseversion.pdf\">Zine zu Wasserk\u00e4mpfen 2.0 &#8211; Klimakollektiv<\/a><\/li>\n\n\n\n<li><a href=\"https:\/\/www.bi-gruenheide.de\/2024\/01\/27\/buergerinformation-zum-b-plan-60\/\">Wahlzeitschrift der B\u00fcrger*inneninitiative zur Abstimmung \u00fcber die Tesla Erweiterung<\/a><\/li>\n<\/ul>\n\n\n\n<p class=\"has-black-color has-text-color has-link-color wp-elements-f1c0b58e11e243143ec766d001174677\">F\u00fcr alle ARTE-Doku Bingewatcher*innen &#8211; unsere <strong>Top Doku Empfehlungen<\/strong>:<\/p>\n\n\n\n<ul class=\"wp-block-list\">\n<li><a href=\"https:\/\/plus.rtl.de\/video-tv\/shows\/stern-investigativ-943868\/staffel-1-943869\/episode-1-inside-tesla-deutschland-musks-profit-auf-kosten-der-arbeiter-943870\" target=\"_blank\" rel=\"noreferrer noopener\">Inside Tesla Deutschland &#8211; Musks Profit auf Kosten der Arbeiterg &#8211; stern investigativ auf rtl+<\/a><\/li>\n\n\n\n<li><a href=\"https:\/\/youtu.be\/Htp2aZu62Fc?feature=shared\" target=\"_blank\" rel=\"noreferrer noopener\">Warum der Hauptstadt das Trinkwasser ausgeht &#8211; ZDF frontal<\/a><\/li>\n\n\n\n<li><a href=\"https:\/\/formandorutas.tech\/de\/heimat\/#stimmen\" target=\"_blank\" rel=\"noreferrer noopener\">Formando Rutas &#8211; ein Bildungsprojekt \u00fcber den Lithiumabbau in der Atacama-W\u00fcste und den Einsatz von Elektroautos als vermeintliche L\u00f6sung f\u00fcr die Klimakrise<\/a><\/li>\n\n\n\n<li>Was bedeutet<a href=\"https:\/\/youtu.be\/JSGuy3LA-d0?feature=shared\" target=\"_blank\" rel=\"noreferrer noopener\"> Kapitalismus und warum im Kapitalismus die Klimakatastrophe nicht aufgehalten werden kann?<\/a><\/li>\n<\/ul>\n\n\n\n<p class=\"has-black-color has-text-color has-link-color wp-elements-f66c2c4bb03ac3816b820c6884e75100\">Und hier noch was <strong>f\u00fcr alle Podcast-M\u00e4use<\/strong>:<\/p>\n\n\n\n<ul class=\"wp-block-list\">\n<li><a href=\"http:\/\/Was tun?! Podcast zu Wasserknappheit\" target=\"_blank\" rel=\"noreferrer noopener\">Was tun?! Podcast zu Wasserknappheit und Aktivismus<\/a><\/li>\n\n\n\n<li><a href=\"https:\/\/podcast.dissenspodcast.de\/b16-wasser\" target=\"_blank\" rel=\"noreferrer noopener\">Dissens Podcast zu Gr\u00fcnheide und internationalen Wasserk\u00e4mpfe<\/a><\/li>\n\n\n\n<li><a href=\"https:\/\/plus.rtl.de\/podcast\/stern-investigativ-inside-tesla-cmb3ez0cfmobt\" target=\"_blank\" rel=\"noreferrer noopener\">Inside Tesla &#8211; stern investigativ<\/a><\/li>\n<\/ul>\n<\/div>\n\n\n\n<p>Wir k\u00e4mpfen nicht alleine. Hier sind ein paar unserer Verb\u00fcndeten:<\/p>\n\n\n\n<div class=\"wp-block-group is-vertical is-layout-flex wp-container-core-group-is-layout-fe9cc265 wp-block-group-is-layout-flex\">\n<h4 class=\"wp-block-heading has-foreground-color has-text-color has-link-color wp-elements-0fb0ae1ba1810f0ad5fe60aec2d5ab63\">B\u00fcndnis &#8211; Tesla den Hahn abdrehen<\/h4>\n\n\n\n<p class=\"has-black-color has-text-color has-link-color wp-elements-3560cb178d81c1b22921ea060f3de1f5\">Teil des B\u00fcndnisses sind unter anderem die <a href=\"https:\/\/interventionistische-linke.org\/beitrag\/keinen-liter-wasser-mehr-fuer-tesla-kreative-aktion-am-tesla-store-mall-berlin\" target=\"_blank\" rel=\"noreferrer noopener\">interventionistische Linke<\/a>, <a href=\"https:\/\/sand-im-getriebe.mobi\/\" target=\"_blank\" rel=\"noreferrer noopener\">Sand im Getriebe<\/a>, <a href=\"https:\/\/wald-statt-asphalt.net\" target=\"_blank\" rel=\"noreferrer noopener\">Wald statt Asphalt<\/a>, <a href=\"https:\/\/extinctionrebellion.de\/og\/berlin\/\" target=\"_blank\" rel=\"noreferrer noopener\">XR<\/a>, der <a href=\"https:\/\/www.bi-gruenheide.de\/\" target=\"_blank\" rel=\"noreferrer noopener\">Verein f\u00fcr Natur und Landschaft Brandenburg<\/a>, <a href=\"https:\/\/solidarischespotsdam.blackblogs.org\/\" target=\"_blank\" rel=\"noreferrer noopener\">solidarisches Potsdam<\/a>, <a href=\"https:\/\/www.join-lea.org\/\" target=\"_blank\" rel=\"noreferrer noopener\">LEA<\/a>, das <a href=\"https:\/\/aap-berlin.squat.net\/\" target=\"_blank\" rel=\"noreferrer noopener\">aap-Berlin<\/a> und die <a href=\"https:\/\/wassertafel.org\/\" target=\"_blank\" rel=\"noreferrer noopener\">Wassertafel<\/a>.<br>Das B\u00fcndnis hat auch einen <a href=\"http:\/\/t.me\/TeslaDenHahnAbdrehen\" target=\"_blank\" rel=\"noreferrer noopener\">Telegram-Kanal<\/a>.<\/p>\n\n\n\n<div class=\"wp-block-buttons is-layout-flex wp-block-buttons-is-layout-flex\">\n<div class=\"wp-block-button is-style-fill\"><a class=\"wp-block-button__link wp-element-button\" href=\"https:\/\/t-den-hahn-abdrehen.org\/\" target=\"_blank\" rel=\"noreferrer noopener\">Tesla den Hahn abdrehen<\/a><\/div>\n<\/div>\n\n\n\n<h4 class=\"wp-block-heading has-foreground-color has-text-color has-link-color wp-elements-10b2e0179245ad4eac9190048429a8b5\">Disrupt Aktionstage<\/h4>\n\n\n\n<p class=\"has-black-color has-text-color has-link-color wp-elements-e1796300f912a1eeac62595efbf7af62\">Die antikapitalistische Aktions-Allianz DISRUPT plant vom 08.-12.05.2024 Aktionstage gegen Tesla. Teil der Allianz sind Gruppen wie <a href=\"https:\/\/www.ende-gelaende.org\/\" target=\"_blank\" rel=\"noreferrer noopener\">EndeGel\u00e4nde<\/a>, die <a href=\"https:\/\/interventionistische-linke.org\/beitrag\/keinen-liter-wasser-mehr-fuer-tesla-kreative-aktion-am-tesla-store-mall-berlin\" target=\"_blank\" rel=\"noreferrer noopener\">interventionistische Linke<\/a> und <a href=\"https:\/\/sand-im-getriebe.mobi\/\" target=\"_blank\" rel=\"noreferrer noopener\">Sand im Getriebe<\/a>.<\/p>\n\n\n\n<div class=\"wp-block-buttons is-layout-flex wp-block-buttons-is-layout-flex\">\n<div class=\"wp-block-button\"><a class=\"wp-block-button__link wp-element-button\" href=\"https:\/\/disrupt-now.org\/disrupt-tesla\/\" target=\"_blank\" rel=\"noreferrer noopener\">Disrupt<\/a><\/div>\n<\/div>\n<\/div>\n\n\n\n<div class=\"wp-block-group is-vertical is-layout-flex wp-container-core-group-is-layout-fe9cc265 wp-block-group-is-layout-flex\">\n<h4 class=\"wp-block-heading has-foreground-color has-text-color has-link-color wp-elements-97005886a0f8376ae5a5a8273900cc37\">B\u00fcrger*inneninitiative<\/h4>\n\n\n\n<p class=\"has-black-color has-text-color has-link-color wp-elements-1f6e00cfe234d8ce9867f0561a797657\">Eine parteiunabh\u00e4ngige B\u00fcrger*inneninitiative gegen die Gigafactory Gr\u00fcnheide von Einwohner*innen aus Gr\u00fcnheide, Erkner und Umgebung.<\/p>\n\n\n\n<div class=\"wp-block-buttons is-layout-flex wp-block-buttons-is-layout-flex\">\n<div class=\"wp-block-button\"><a class=\"wp-block-button__link wp-element-button\" href=\"https:\/\/www.bi-gruenheide.de\/\" target=\"_blank\" rel=\"noreferrer noopener\">B\u00fcrger*inneninitiative<\/a><\/div>\n<\/div>\n<\/div>\n\n\n\n<div class=\"wp-block-group is-vertical is-layout-flex wp-container-core-group-is-layout-fe9cc265 wp-block-group-is-layout-flex\">\n<h4 class=\"wp-block-heading has-foreground-color has-text-color has-link-color wp-elements-15e88adda283bfb9909c3be3f76e20a2\">Die Wassertafel<\/h4>\n\n\n\n<p class=\"has-black-color has-text-color has-link-color wp-elements-63ec874883ef7ded0c41c717e9af5601\">Die Wassertafel Berlin-Brandenburg setzt sich seit Jahrzehnten f\u00fcr den Schutz des Grundwassers ein. Das Berliner pendant ist der <a href=\"https:\/\/berliner-wassertisch.net\/\">Berliner Wassertisch<\/a>.<\/p>\n\n\n\n<div class=\"wp-block-buttons is-layout-flex wp-block-buttons-is-layout-flex\">\n<div class=\"wp-block-button\"><a class=\"wp-block-button__link wp-element-button\" href=\"https:\/\/wassertafel.org\/\" target=\"_blank\" rel=\"noreferrer noopener\">Die Wassertafel<\/a><\/div>\n<\/div>\n<\/div>\n<\/div><\/div>\n","protected":false},"excerpt":{"rendered":"<p>Noch nicht auf Leichte Sprache \u00fcbersetzt<\/p>\n","protected":false},"author":19658,"featured_media":0,"parent":1094,"menu_order":0,"comment_status":"closed","ping_status":"closed","template":"wp-custom-template-leichte-sprache","meta":{"_locale":"nl_NL","_original_post":"https:\/\/teslastoppen.noblogs.org\/?page_id=29","footnotes":""},"class_list":["post-1098","page","type-page","status-publish","hentry","nl-NL"],"_links":{"self":[{"href":"https:\/\/teslastoppen.noblogs.org\/wp-json\/wp\/v2\/pages\/1098","targetHints":{"allow":["GET"]}}],"collection":[{"href":"https:\/\/teslastoppen.noblogs.org\/wp-json\/wp\/v2\/pages"}],"about":[{"href":"https:\/\/teslastoppen.noblogs.org\/wp-json\/wp\/v2\/types\/page"}],"author":[{"embeddable":true,"href":"https:\/\/teslastoppen.noblogs.org\/wp-json\/wp\/v2\/users\/19658"}],"replies":[{"embeddable":true,"href":"https:\/\/teslastoppen.noblogs.org\/wp-json\/wp\/v2\/comments?post=1098"}],"version-history":[{"count":3,"href":"https:\/\/teslastoppen.noblogs.org\/wp-json\/wp\/v2\/pages\/1098\/revisions"}],"predecessor-version":[{"id":1244,"href":"https:\/\/teslastoppen.noblogs.org\/wp-json\/wp\/v2\/pages\/1098\/revisions\/1244"}],"up":[{"embeddable":true,"href":"https:\/\/teslastoppen.noblogs.org\/wp-json\/wp\/v2\/pages\/1094"}],"wp:attachment":[{"href":"https:\/\/teslastoppen.noblogs.org\/wp-json\/wp\/v2\/media?parent=1098"}],"curies":[{"name":"wp","href":"https:\/\/api.w.org\/{rel}","templated":true}]}}